{"id":57161,"date":"2023-11-08T15:53:45","date_gmt":"2023-11-08T14:53:45","guid":{"rendered":"https:\/\/www.dbu.de\/?post_type=termine&#038;p=57161"},"modified":"2024-02-12T15:03:12","modified_gmt":"2024-02-12T14:03:12","slug":"transformative-bildung-fuer-nachhaltige-entwicklung-veraenderung-gestalten","status":"publish","type":"termine","link":"https:\/\/www.dbu.de\/en\/termine\/transformative-bildung-fuer-nachhaltige-entwicklung-veraenderung-gestalten\/","title":{"rendered":"Transformative Bildung f\u00fcr nachhaltige Entwicklung \u2013 Ver\u00e4nderung gestalten"},"content":{"rendered":"\n<div class=\"wp-block-wordpress-dbu-dbu-container\">\n<p><strong>Hinweis: Eine Anmeldung ist nicht mehr m\u00f6glich!<\/strong><\/p>\n\n\n\n<p>Die Deutsche Bundesstiftung Umwelt (DBU) hat bereits die UN-Dekade \u201eBildung f\u00fcr nachhaltige Entwicklung\u201c (2005-2014) und das UNESCO-Weltaktionsprogramm \u201eBildung f\u00fcr nachhaltige Entwicklung\u201c (2015-2019) mit der F\u00f6rderung l\u00f6sungsorientierter Bildungsvorhaben ma\u00dfgeblich unterst\u00fctzt. Anl\u00e4sslich des seit Sommer 2020 laufenden UNESCO-Programms \u201e<a href=\"https:\/\/www.unesco.de\/bildung\/bildung-fuer-nachhaltige-entwicklung\/unesco-programm-bne-2030\" target=\"_blank\" rel=\"noreferrer noopener\"><strong>Education for Sustainable Development: Towards achieving the SDGs (ESD for 2030)<\/strong><\/a>\u201c hat die DBU mit ihrer Ausschreibung \u201e<a href=\"https:\/\/www.dbu.de\/themen\/foerderinitiativen\/nachhaltigkeitsdilemmata\/\" target=\"_blank\" rel=\"noreferrer noopener\"><strong>Die gro\u00dfe Transformation \u2013 Nachhaltigkeitsdilemmata und Umgang mit Unsicherheiten<\/strong><\/a>\u201c einen zus\u00e4tzlichen inhaltlichen Impuls gesetzt.<\/p>\n\n\n\n<p><\/p>\n\n\n\n<p>Am <strong>ersten Veranstaltungstag<\/strong> nehmen wir Sie nach der Einf\u00fchrung durch DBU-Generalsekret\u00e4r Alexander Bonde und Staatssekret\u00e4r Dr. Jens Brandenburg, Leiter BNE Nationale Plattform, Berlin sowie zwei Keynotes mit auf eine Reise durch 15 Projekte, die im Rahmen der o. g. Ausschreibung und dar\u00fcber hinaus gef\u00f6rdert wurden. Dabei geht es um Themen, die auf aktuelle Nachhaltigkeitstransformationen und damit auf grundlegende gesellschaftliche Umwandlungsprozesse in Richtung Nachhaltigkeit fokussieren. Die Vorhaben nehmen dabei die Bereiche Mobilit\u00e4t, Erneuerbare Energien, Konsum, Stadtentwicklung, Landnutzung oder Biodiversit\u00e4tsschutz in den Blick. Wie k\u00f6nnen wir den Dilemmata begegnen, die sich aufgrund von Konflikten zwischen einzelnen an sich positiven Nachhaltigkeitszielen auftun? Wie gehen wir \u2013 insbesondere in Entscheidungsprozessen \u2013 mit dadurch entstehenden Unsicherheiten um?<\/p>\n\n\n\n<p><\/p>\n\n\n\n<p>Am <strong>zweiten Tag der Veranstaltung<\/strong> wagen wir einen Ausblick: In drei parallelen Workshops reflektieren und diskutieren wir Ans\u00e4tze zu einem konkreten Transformationsfeld, zu transformativen Methoden und zum lebensbegleitenden Lernen. Mit Blick auf eine <strong>neue Ausschreibung<\/strong> <strong>und F\u00f6rderinitiative zu Transformativer Bildung<\/strong> wollen wir mit Ihnen gemeinsam erarbeiten, wo Herausforderungen, Chancen und konkrete L\u00f6sungsans\u00e4tze f\u00fcr Transformationen in Richtung einer nachhaltigen Zukunft liegen, bevor wir die Ausschreibung offiziell adressieren. So k\u00f6nnen die Erkenntnisse der Tagung in der Ausschreibung ber\u00fccksichtigt werden.<\/p>\n\n\n\n<p><\/p>\n\n\n<div id='dbu_tile_link_mb-block-1886a7b9-f56a-47c0-94f6-838f7d6db5ff' class='dbu-tile__container '><a id='dbu_tile_link_mb-block-1886a7b9-f56a-47c0-94f6-838f7d6db5ff' class='dbu-tile dbu-tile__link' href='https:\/\/www.youtube.com\/playlist?list=PLXQUuxou0kTfGw91cVSs25qABr04cVhjs'><div class='dbu-tile__content'><div class='dbu-tile__content-container'><h4 class='dbu-tile__content-headline'>Keynotes und Poster Pitches zur Veranstaltung <\/h4><div class='dbu-tile__content-text'>Sie finden die Videos in der Playlist auf unserem Youtube-Kanal.<\/div><\/div><\/div><\/a><\/div>\n\n\n<h5 class=\"wp-block-heading has-text-align-center\"><strong>Programm<\/strong><\/h5>\n\n\n\n<p class=\"has-text-align-center\"><strong>Moderation:<\/strong> Dr. Cornelia Soetbeer, Abteilungsleiterin Umweltkommunikation und Kulturg\u00fcterschutz, <br>Internationale F\u00f6rderung (Deutsche Bundesstiftung Umwelt)<\/p>\n\n\n\n<h5 class=\"wp-block-heading has-text-align-left\"><strong>Tag 1 \u2013 24. Januar 2024<\/strong><\/h5>\n\n\n\n<p>12:30 Uhr<br>Anreise und Mittagsimbiss<\/p>\n\n\n\n<p><\/p>\n\n\n\n<p>13:30 Uhr<br><strong>Gru\u00dfwort<\/strong><br>Alexander Bonde, Generalsekret\u00e4r, Deutsche Bundesstiftung Umwelt, Osnabr\u00fcck<\/p>\n\n\n\n<p><\/p>\n\n\n\n<p>13:35 \u2013 13:45 Uhr<br><strong>Digitales Gru\u00dfwort<\/strong><br>Dr. Jens Brandenburg, Parlamentarischer Staatssekret\u00e4r bei der Bundesministerin f\u00fcr Bildung und Forschung &amp; Vorsitzender der Nationalen Plattform BNE, Berlin<\/p>\n\n\n\n<p><\/p>\n\n\n\n<p>13:45 \u2013 13:50 Uhr<br><strong>Begr\u00fc\u00dfung <\/strong><br>Dr. Cornelia Soetbeer, Abteilungsleiterin, Deutsche Bundesstiftung Umwelt, Osnabr\u00fcck<\/p>\n\n\n\n<p><\/p>\n\n\n\n<p>13:50 &#8211; 14:20 Uhr<br><strong>Keynote I &#8211; Umgang mit Unsicherheiten<\/strong> <br>Katharina van Bronswijk, Psychotherapeutin und Buchautorin, L\u00fcneburger Heide <br><strong>&#8220;Leben in Zeiten der Krisenpermanenz &#8211; Psychischer Umgang mit Unsicherheit&#8221;<\/strong><\/p>\n\n\n\n<p><\/p>\n\n\n\n<p>14:20 &#8211; 14:50 Uhr<br><strong>Kaffeepause<\/strong><\/p>\n\n\n\n<p><\/p>\n\n\n\n<p>14:50 \u2013 15:20 Uhr<br><strong>Keynote II \u2013 Nachhaltigkeitsdilemmata<\/strong> <br>Prof. Dr. Johann K\u00f6ppel, em. TU Berlin (ehem. Leiter des Fachgebietes Umweltpr\u00fcfung und Umweltplanung der TU-Berlin, Universit\u00e4t Uppsala \u2013 Gastprofessur Energiewende) <br><strong>\u201eVerzwickte Energiewende!?\u201c<\/strong><\/p>\n\n\n\n<p><\/p>\n\n\n\n<p>15:20 \u2013 15:40 Uhr<br><strong>Poster Pitches I<\/strong><br><br>1. \u201eThe Future WE Want\u201c: Nachhaltigkeitsdilemmata und Umgang mit Unsicherheiten im Kontext einer l\u00f6sungsorientierten Didaktik, <em>Westf\u00e4lische Wilhelms-Universit\u00e4t M\u00fcnster<\/em><br><br>2. Lernen f\u00fcr und in resilienten und nachhaltigen Kommunen, <em>Leuphana Universit\u00e4t L\u00fcneburg<\/em><br><br>3. KLIMA-AKTIV Klimaschutz aktiv gestalten &amp; politische Handlungskompetenzen entwickeln, <em>Gottfried Wilhelm Leibniz Universit\u00e4t Hannover<\/em><br><br>4. Circle 21, <em>Technische Universit\u00e4t Berlin<\/em><br><br>5. Vermittlung von Werkzeugen und Schl\u00fcsselkompetenzen zur nachhaltigen Produktentwicklung f\u00fcr Ingenieure (NaProIng), <em>Karlsruher Institut f\u00fcr Technologie<\/em><br><br>6. Education for Sustainable Unionists: Capacity Building f\u00fcr \u00f6kologische Gewerkschaftspolitik zur \u00dcberwindung sozial-\u00f6kologischer Zielkonflikte in Gewerkschaften, <em>Technische Universit\u00e4t Berlin<\/em><\/p>\n\n\n\n<p><\/p>\n\n\n\n<p>15:40 &#8211; 16:10 Uhr<br><strong>Kaffeepause<\/strong><\/p>\n\n\n\n<p><\/p>\n\n\n\n<p>16:10 \u2013 16:30 Uhr<br><strong>Poster Pitches II<\/strong><br><br>7. Emotion- and Problem-Focused Coping with Dilemmas, Trade-Offs and Risks in Schools, <em>Freie Universit\u00e4t Berlin<\/em><br><br>8. Fortbildung f\u00fcr transformative \u00e4rztliche Praxis, Planetary Health und Klimaschutz, <em>KLUG \u2013 Deutsche Allianz Klimawandel und Gesundheit e. V.<\/em><br><br>9. Entwicklung und Umsetzung eines Online-Kurses zum Thema \u201eNachhaltigkeitsdilemmata und Umgang mit Unsicherheiten in Bildungskontexten\u201c (kurz: NaDi-MOOC), <em>Deutsche Kinder und Jugendstiftung gGmbH<\/em><br><br>10. Umsetzung von Bildung f\u00fcr eine nachhaltige Entwicklung (BNE) in Bildungsangeboten deutscher Geoparks, <em>Alfred Toepfer Akademie f\u00fcr Naturschutz (NNA)<\/em><br><br>11. SDG Transformation SPACE, <em>Ostbayerische Technische Hochschule Amberg-Weiden<\/em><br><br>12. IMPULSE &#8211; Immersive Playful Understanding and Learning for Sustainability Engagement, <em>Carl von Ossietzky Universit\u00e4t Oldenburg<\/em><\/p>\n\n\n\n<p><\/p>\n\n\n\n<p>16:30 \u2013 17:30 Uhr<br><strong>Diskussion an den Postern<\/strong><\/p>\n\n\n\n<p><\/p>\n\n\n\n<p>17:30 \u2013 18:30 Uhr<br><strong>Improtheater mit den Improkokken<\/strong><\/p>\n\n\n\n<p><\/p>\n\n\n\n<p>18:30 Uhr<br><strong>Abendessen im DBU Zentrum f\u00fcr Umweltkommunikation<\/strong><\/p>\n\n\n\n<h5 class=\"wp-block-heading has-text-align-left\">Tag 2 \u2013 25. Januar 2024<\/h5>\n\n\n\n<p>9:00 \u2013 9:30 Uhr<br><strong>Begr\u00fc\u00dfung &amp; Ank\u00fcndigung neue Ausschreibung<\/strong> <br>Dr. Cornelia Soetbeer, Abteilungsleiterin, Deutsche Bundesstiftung Umwelt, Osnabr\u00fcck<\/p>\n\n\n\n<p><\/p>\n\n\n\n<p>09:30 \u2013 10:15 Uhr<br><strong>Keynote III &#8211; Transformative Bildung<\/strong> <br>Prof. Dr. Rainer Mehren, Institut f\u00fcr Didaktik der Geographie, Universit\u00e4t M\u00fcnster <br><strong>\u201eTransformation gestalten lernen\u201c<\/strong><\/p>\n\n\n\n<p><\/p>\n\n\n\n<p>10:15 &#8211; 10:45 Uhr<br><strong>Kaffeepause<\/strong><\/p>\n\n\n\n<p><\/p>\n\n\n\n<p>10:45 \u2013 12:15 Uhr<br><strong>Parallel-Workshops zu den Themen<\/strong><br><br><strong>I:<\/strong> <strong>Transformation konkret gestalten: Fallbeispiel \u201eNachhaltige Mobilit\u00e4t im urbanen Raum\u201c <\/strong><br><strong>Impuls: Dr. Juliane Haus<\/strong>, Forschungsgruppe Digitale Mobilit\u00e4t, gesellschaftliche Differenzierung, Wissenschaftszentrum Berlin f\u00fcr Sozialforschung (WZB)<br><strong>Impuls: Dr. Ute Symanski<\/strong>, Gr\u00fcnderin von futurWIR, Organisationssoziologin, Konfliktbehandlerin und Vorst\u00e4ndin von RADKOMM e. V.<br><strong>Weitere Informationen<\/strong> zu den Impulsvortr\u00e4gen finden Sie hier: <a href=\"https:\/\/www.zukunft-nachhaltige-mobilitaet.de\/\" target=\"_blank\" rel=\"noreferrer noopener\">Zukunft nachhaltige Mobilit\u00e4t<\/a> und <a href=\"https:\/\/wzb.eu\/de\/forschung\/digitalisierung-und-gesellschaftlicher-wandel\/digitale-mobilitaet\/projekte\/projekt-graefekiez\" target=\"_blank\" rel=\"noreferrer noopener\">Projekt Gr\u00e4fekiez<\/a> sowie <a href=\"https:\/\/www.futurwir.de\/\" target=\"_blank\" rel=\"noreferrer noopener\">futurWIR<\/a> und <a href=\"https:\/\/radkomm.de\/\" target=\"_blank\" rel=\"noreferrer noopener\">RADKOMM e. V.<\/a>. <br><br><strong>II: Partizipative Methoden zur Gestaltung von Transformationen <\/strong><br><strong>Impuls: Prof. Dr. Daniel Lang<\/strong>, Institut f\u00fcr Technikfolgenabsch\u00e4tzung und Systemanalyse am Karlsruher Institut f\u00fcr Technologie (KIT), Forschungsgruppe \u201eReallaborforschung gestalten\u201c <br><strong>Prof. Dr. Rainer Mehren<\/strong>, Institut f\u00fcr Didaktik der Geographie; Universit\u00e4t M\u00fcnster <br><strong>Dr. Bj\u00f6rn Ahaus<\/strong>, Stadt Essen <br><strong>Lara Chrobaczek<\/strong>, Lehrerin am Maria-W\u00e4chtler-Gymnasium, Essen<br><strong>Junus Spieker und Rasmus Venghaus<\/strong>, Sch\u00fcler am Maria-W\u00e4chtler-Gymnasium, Essen<br><br><strong>III: Transformation durch lebensbegleitendes Lernen (ZG 30+, 60+) <\/strong><br><strong>Impuls: Prof. Dr. Gerhard de Haan<\/strong>, em. Institut Futur; Freie Universit\u00e4t Berlin <br><strong>Impuls: Prof. Dr. Beeken<\/strong>, Didaktik der Chemie; Universit\u00e4t Osnabr\u00fcck<\/p>\n\n\n\n<p><\/p>\n\n\n\n<p>12:15 \u2013 12:45 Uhr<br><strong>Abschlie\u00dfende Zusammenfassung und Ausblick<\/strong><\/p>\n\n\n\n<p><\/p>\n\n\n\n<p>12:45 Uhr<br><strong>Mittagsimbiss und Abreise<\/strong><\/p>\n\n\n\n<p><\/p>\n<\/div>\n","protected":false},"excerpt":{"rendered":"<p>Am 24.01. und 25.01.2024 im DBU Zentrum f\u00fcr Umweltkommunikation in Osnabr\u00fcck<\/p>\n","protected":false},"author":19,"featured_media":57222,"template":"","meta":{"footnotes":""},"categories":[12,13],"tags":[],"class_list":["post-57161","termine","type-termine","status-publish","has-post-thumbnail","hentry","category-dbu","category-zuk"],"meta_box":{"dbu_termin_start":"2024-01-24 00:00","dbu_termin_end":"2024-01-25 00:00","dbu_termin_veranstalter":"","dbu_headerimage_cover":"","dbu_submenu":"","dbu_submenu_position":"","dbu_submenu_entry":[]},"_links":{"self":[{"href":"https:\/\/www.dbu.de\/en\/wp-json\/wp\/v2\/termine\/57161","targetHints":{"allow":["GET"]}}],"collection":[{"href":"https:\/\/www.dbu.de\/en\/wp-json\/wp\/v2\/termine"}],"about":[{"href":"https:\/\/www.dbu.de\/en\/wp-json\/wp\/v2\/types\/termine"}],"author":[{"embeddable":true,"href":"https:\/\/www.dbu.de\/en\/wp-json\/wp\/v2\/users\/19"}],"version-history":[{"count":47,"href":"https:\/\/www.dbu.de\/en\/wp-json\/wp\/v2\/termine\/57161\/revisions"}],"predecessor-version":[{"id":66012,"href":"https:\/\/www.dbu.de\/en\/wp-json\/wp\/v2\/termine\/57161\/revisions\/66012"}],"wp:featuredmedia":[{"embeddable":true,"href":"https:\/\/www.dbu.de\/en\/wp-json\/wp\/v2\/media\/57222"}],"wp:attachment":[{"href":"https:\/\/www.dbu.de\/en\/wp-json\/wp\/v2\/media?parent=57161"}],"wp:term":[{"taxonomy":"category","embeddable":true,"href":"https:\/\/www.dbu.de\/en\/wp-json\/wp\/v2\/categories?post=57161"},{"taxonomy":"post_tag","embeddable":true,"href":"https:\/\/www.dbu.de\/en\/wp-json\/wp\/v2\/tags?post=57161"}],"curies":[{"name":"wp","href":"https:\/\/api.w.org\/{rel}","templated":true}]}}