{"id":26869,"date":"2026-03-19T10:32:21","date_gmt":"2026-03-19T09:32:21","guid":{"rendered":"https:\/\/www.dbu.de\/projektdatenbank\/34360-01\/"},"modified":"2026-03-19T10:32:21","modified_gmt":"2026-03-19T09:32:21","slug":"34360-01","status":"publish","type":"projektdatenbank","link":"https:\/\/www.dbu.de\/en\/projektdatenbank\/34360-01\/","title":{"rendered":"Kooperation und Kommunikation zum Klimaschutz im Quartier"},"content":{"rendered":"<p>Zielsetzung und Anlass des Vorhabens<\/p>\n<p>Das Projekt wurde in einem Quartier der Kleinstadt Anklam in Vorpommern durchgef\u00fchrt und sollte dazu beitragen,<br \/>\n\u2022 die Effizienz des Einsatzes von Energie in privaten Haushalten, in \u00f6ffentlichen Geb\u00e4uden und in Gewerbebetrieben zu erh\u00f6hen,<br \/>\n\u2022 die vorhandenen Potenziale zur Versorgung mit Energie aus erneuerbaren Quellen zu nutzen,<br \/>\n\u2022 f\u00fcr das Quartier auch in anderen Bereichen, wie Alltagsmobilit\u00e4t und Gr\u00fcnfl\u00e4chen, klimagerechte L\u00f6sungen zu finden und<br \/>\n\u2022 insgesamt das Bewusstsein f\u00fcr die Notwendigkeit zu st\u00e4rken, Klimaschutzaspekte bei kommunal-politischen Entscheidungen, bei st\u00e4dtebaulichen Planungen und im Alltagshandeln st\u00e4rker zu beachten.<\/p>\n","protected":false},"excerpt":{"rendered":"<p>Zielsetzung und Anlass des Vorhabens Das Projekt wurde in einem Quartier der Kleinstadt Anklam in Vorpommern durchgef\u00fchrt und sollte dazu beitragen, \u2022 die Effizienz des Einsatzes von Energie in privaten Haushalten, in \u00f6ffentlichen Geb\u00e4uden und in Gewerbebetrieben zu erh\u00f6hen, \u2022 die vorhandenen Potenziale zur Versorgung mit Energie aus erneuerbaren Quellen zu nutzen, \u2022 f\u00fcr das [&hellip;]<\/p>\n","protected":false},"author":0,"featured_media":0,"template":"","meta":{"footnotes":""},"categories":[],"tags":[63,2423],"class_list":["post-26869","projektdatenbank","type-projektdatenbank","status-publish","hentry","tag-mecklenburg-vorpommern","tag-umweltkommunikation"],"meta_box":{"dbu_projektdatenbank_az_ges":"34360\/01","dbu_projektdatenbank_medien":"","dbu_projektdatenbank_pdfdatei":"","dbu_projektdatenbank_bsumme":"120.000,00","dbu_projektdatenbank_firma":"ECOLOG-Institut f\u00fcr sozial-\u00f6kologische\nForschung und Bildung gGmbH\nRegionalb\u00fcro NO","dbu_projektdatenbank_strasse":"Dorfstr. 33","dbu_projektdatenbank_plz_str":"17398","dbu_projektdatenbank_ort_str":"Bugewitz","dbu_projektdatenbank_p_von":"2017-12-13 00:00:00","dbu_projektdatenbank_p_bis":"2020-11-30 00:00:00","dbu_projektdatenbank_laufzeit":"2 Jahre und 12 Monate","dbu_projektdatenbank_telefon":"+49 511 47391512","dbu_projektdatenbank_inet":"","dbu_projektdatenbank_bundesland":"Mecklenburg-Vorpommern","dbu_projektdatenbank_foerderber":"148","dbu_projektdatenbank_ab_bericht":"DBU-Abschlussbericht-AZ-34360_01-Hauptbericht.pdf","dbu_projektdatenbank_ist_nachbewilligung_von":"","dbu_projektdatenbank_hat_nachbewilligung":"","dbu_headerimage_cover":"","dbu_submenu":"","dbu_submenu_position":"","dbu_submenu_entry":[]},"_links":{"self":[{"href":"https:\/\/www.dbu.de\/en\/wp-json\/wp\/v2\/projektdatenbank\/26869","targetHints":{"allow":["GET"]}}],"collection":[{"href":"https:\/\/www.dbu.de\/en\/wp-json\/wp\/v2\/projektdatenbank"}],"about":[{"href":"https:\/\/www.dbu.de\/en\/wp-json\/wp\/v2\/types\/projektdatenbank"}],"version-history":[{"count":2,"href":"https:\/\/www.dbu.de\/en\/wp-json\/wp\/v2\/projektdatenbank\/26869\/revisions"}],"predecessor-version":[{"id":43591,"href":"https:\/\/www.dbu.de\/en\/wp-json\/wp\/v2\/projektdatenbank\/26869\/revisions\/43591"}],"wp:attachment":[{"href":"https:\/\/www.dbu.de\/en\/wp-json\/wp\/v2\/media?parent=26869"}],"wp:term":[{"taxonomy":"category","embeddable":true,"href":"https:\/\/www.dbu.de\/en\/wp-json\/wp\/v2\/categories?post=26869"},{"taxonomy":"post_tag","embeddable":true,"href":"https:\/\/www.dbu.de\/en\/wp-json\/wp\/v2\/tags?post=26869"}],"curies":[{"name":"wp","href":"https:\/\/api.w.org\/{rel}","templated":true}]}}