{"id":23049,"date":"2023-07-13T15:22:21","date_gmt":"2023-07-13T13:22:21","guid":{"rendered":"https:\/\/www.dbu.de\/projektdatenbank\/20127-01\/"},"modified":"2023-07-13T15:22:21","modified_gmt":"2023-07-13T13:22:21","slug":"20127-01","status":"publish","type":"projektdatenbank","link":"https:\/\/www.dbu.de\/en\/projektdatenbank\/20127-01\/","title":{"rendered":"Seminar: Naturraum Kleingarten &#8211; Kleingartenanlagen und Kleing\u00e4rten als Beitrag f\u00fcr eine \u00f6kologische Stadtentwicklung"},"content":{"rendered":"<p>Zielsetzung und Anlass des Vorhabens<\/p>\n<p>Natur- und Umweltschutz haben im heutigen Kleingartenwesen auch bei den \u00fcber 60.000 nieders\u00e4chsischen Kleing\u00e4rtnerinnen und Kleing\u00e4rtnern einen zentralen Stellenwert. Neben der nachhaltigen Bodennutzung zur Erzeugung von gesundem Obst und Gem\u00fcse gewinnt die \u00f6kologische Ausrichtung der Kleingartenanlagen im urbanen Raum st\u00e4ndig an Bedeutung. Kleingartenanlagen erf\u00fcllen innerhalb des st\u00e4dtebaulichen Gr\u00fcnkonzeptes wichtige \u00f6kologische Aufgaben zum Boden-, Wasser-, Klima, Tier- und Pflanzenartenschutz. In vielen St\u00e4dten und Kommunen sind die Kleingartenanlagen Bindeglied zwischen der freien Landschaft und dem innerst\u00e4dtischen Raum; sie sind Trittstein f\u00fcr viele Tier- und Pflanzenarten. Mitunter sie die Kleingartenanlagen das vernetzende Element in der Stadt.<br \/>\nWelche Funktionen die Kleingartenanlage und auch der einzelne Kleingarten hier erf\u00fcllen kann, dazu soll dieses Seminar Antworten geben. Wir k\u00f6nnen nur sch\u00fctzen, was wir kennen.<\/p>\n<p>Darstellung der Arbeitsschritte und der angewandten MethodenDie zentrale Aufgabe des Seminars besteht in der Wissensvermittlung \u00fcber unsere heimische Tier- und Pflanzenwelt und ihre Lebensr\u00e4ume im st\u00e4dtischen Bereich und die praktischen M\u00f6glichkeiten die wir zu ihrem Schutz nutzen k\u00f6nnen. Welche Tier- und Pflanzenarten finden Lebensraum in unseren Kleingartenanlagen und G\u00e4rten, wie k\u00f6nnen wir sie aktiv sch\u00fctzen und ihren Lebensraum verbessern, wo sind Grenzen gesetzt. Kleingartenanlagen sind \u00f6ffentliche Gr\u00fcnanlagen. Es ist daher unverzichtbar, der Bev\u00f6lkerung die Aufgaben und Ziele des Kleingartenwesens zu vermitteln. Daf\u00fcr wird dieses Seminar \u00f6ffentlich im Rahmen der 1. Nieders\u00e4chsischen Landesgartenschau durchgef\u00fchrt.<br \/>\nNaturschutz ist eine gemeinsame Aufgabe. Um dieses zu verdeutlichen ist der Naturschutzbund Deutschland, Landesverband Niedersachsen e.V. mit seiner Kampagne Nachbar Natur bei diesem Seminar Partner der nieders\u00e4chsischen Gartenfreunde.<br \/>\nNamhafte Referenten werden zu den Themen referieren und mit den Seminarteilnehmerinnen und Teilnehmern diskutieren. Das Ergebnis des Seminars wird in einer Dokumentation zusammengestellt und in der Schriftenreihe des LNG sowie \u00fcber das Internet verbreitet.<\/p>\n<p>Ergebnisse und Diskussion<\/p>\n<p>45 Teilnehmerinnen und Teilnehmer vom Landesverband Nieders\u00e4chsischer Gartenfreunde e.V. und Landesverband Braunschweig der Kleing\u00e4rtner e.V. hatten drei Tage die Gelegenheit Ihr Wissen \u00fcber den Naturraum Kleingarten intensiv zu vertiefen.<br \/>\nNamhafte Experten aus Wissenschaft und Praxis vermittelten Ihr Wissen \u00fcber die Chancen und Grenzen, die Kleing\u00e4rten und ihre Anlagen haben, f\u00fcr mehr Natur in der Stadt und f\u00fcr eine umweltschonende Bewirtschaftung mit dem Ziel der Erzeugung gesunder Nahrungsmittel.<br \/>\nDie Teilnehmer wirken als Multiplikatoren in ihren Verb\u00e4nden und Vereinen und werden das erworbene Wissen so an einen gro\u00dfen Kreis unserer Mitglieder weitergeben.<br \/>\nUnterst\u00fctzt werden sie dabei durch die \u00fcber das Seminar erstellte Dokumentation, in der alle Beitr\u00e4ge ver\u00f6ffentlicht sind. Die Dokumentation ist zus\u00e4tzlich als CD erh\u00e4ltlich, so dass die Beitr\u00e4ge f\u00fcr alle Inte-ressierten vervielf\u00e4ltigt werden k\u00f6nnen.<br \/>\nDamit sind die Nieders\u00e4chsischen Kleing\u00e4rtner auf dem zukunftsweisenden Weg, ihre Aktivit\u00e4ten auf die Ziele der Agenda 21 auszurichten.<br \/>\nDie Seminarvortr\u00e4ge vermitteln den Teilnehmerinnen und Teilnehmern die Sicherheit im Umgang mit unseren Schutzg\u00fctern. >>Nur was man kennt kann man auch sch\u00fctzen<< und >>nur dass was ich verstanden habe und mit dem ich auch einverstanden bin wird mich davon \u00fcberzeugen, dass ich es auch praktiziere und weitergebe<<.\nDie Meinung in der Bev\u00f6lkerung \u00fcber Kleing\u00e4rtner als die Giftspritzer der Nation hat sich in den vergangenen Jahren rigoros gewandelt. Zunehmend wird anerkannt, dass die Gartenfreundinnen und Gartenfreunde wichtige soziale und \u00f6kologische Aufgaben in ihrer Stadt \u00fcbernehmen, ohne dass sie daf\u00fcr eine gesetzliche Verpflichtung haben.\nDamit wir diese Aufgabe aber auch erf\u00fcllen k\u00f6nnen brauchen wir das entsprechende Fachwissen. Dieses Seminar hat viel dazu beigetragen.\nEs bedarf jedoch der st\u00e4ndigen Schulung und der Vertiefung des Wissens bis alle Kleing\u00e4rtner die notwendige Sicherheit im Umgang mit ihrer Natur erlangen.\nDazu wird es wichtig sein, dass die Fortbildung ein fester Bestandteil der Verbandsarbeit bleibt.\nDie Seminarkosten konnten einschlie\u00dflich der Dokumentation im Kostenrahmen gehalten werden. F\u00fcr weitere Seminare bedarf es aber auch weiterhin der finanziellen Unterst\u00fctzung, da diese Leistung nicht allein aus den Beitr\u00e4gen aufgebracht werden k\u00f6nnen.\nDie Ergebnisse der Schulungen sind f\u00fcr die B\u00fcrgerinnen und B\u00fcrger ihrer Gemeinde jederzeit in den Anlagen zu besichtigen. Kleingartenanlagen sind \u00f6ffentlich. Damit wird der direkte Nutzen der Seminare sichtbar.\n\n\n\u00d6ffentlichkeitsarbeit und Pr\u00e4sentation\n\nDas Seminar fand als \u00f6ffentliche Veranstaltung im Rahmen der 1. Nieders\u00e4chsischen Landesgartenschau in Bad Zwischenahn statt. \u00dcber das Seminarergebnis wurde in der Verbandsfachzeitschrift Der KleinGarten [W\u00e4chter Verlag, Bremen] berichtet.\nDie Beitr\u00e4ge sind in einer Dokumentation Naturraum Kleingarten als Heft 11 der Schriftenreihe des Landesverbandes Nieders\u00e4chsischer Gartenfreunde e.V. in einer Auflage von 1000 Exemplaren ver\u00f6ffentlicht. Die Schriftenreihe wird kostenlos abgegeben. Dar\u00fcber hinaus besteht die M\u00f6glichkeit, die Beitr\u00e4ge auf CD zu erwerben.\n\n\nFazit\n\nDas Ergebnis des Seminars ist, naturnahe Lebensr\u00e4ume im Kleingarten sind ein fester, unverzichtbarer Bestandteil der kleing\u00e4rtnerischen Nutzung.\nDie Seminarvortr\u00e4ge und die dort vorgestellten und in der Dokumentation ver\u00f6ffentlichten Anregungen und Beispiele zeigen denen, die mit ihrer biologischen Gartennutzung diesen zukunftsweisenden Weg bereits beschreiten, dass sie mit ihrer Arbeit richtig liegen. All denen, die noch z\u00f6gern werden Anregungen gegeben und wird Mut gemacht, dass der Naturraum Kleingarten einen festen Raum in unseren St\u00e4dten und Gemeinden einnimmt.\nDabei Handeln die Kleing\u00e4rtner gemeinschaftlich. Die engen Partnerschaften zu den Naturschutzorganisationen wie dem NABU wurden durch die Kooperation bei diesem Seminar deutlich.\nDas Seminar hat geholfen, Grenzen zu \u00fcberwinden, Schranken abzubauen und durch gemeinschaftliches Handeln den Kleingarten als Lebensraum f\u00fcr Tiere und Pflanzen im urbanen Raum zu festigen.\n<\/p>\n","protected":false},"excerpt":{"rendered":"<p>Zielsetzung und Anlass des Vorhabens Natur- und Umweltschutz haben im heutigen Kleingartenwesen auch bei den \u00fcber 60.000 nieders\u00e4chsischen Kleing\u00e4rtnerinnen und Kleing\u00e4rtnern einen zentralen Stellenwert. Neben der nachhaltigen Bodennutzung zur Erzeugung von gesundem Obst und Gem\u00fcse gewinnt die \u00f6kologische Ausrichtung der Kleingartenanlagen im urbanen Raum st\u00e4ndig an Bedeutung. Kleingartenanlagen erf\u00fcllen innerhalb des st\u00e4dtebaulichen Gr\u00fcnkonzeptes wichtige \u00f6kologische [&hellip;]<\/p>\n","protected":false},"author":1,"featured_media":0,"template":"","meta":{"footnotes":""},"categories":[],"tags":[2422,64,2423],"class_list":["post-23049","projektdatenbank","type-projektdatenbank","status-publish","hentry","tag-landnutzung","tag-niedersachsen","tag-umweltkommunikation"],"meta_box":{"dbu_projektdatenbank_az_ges":"20127\/01","dbu_projektdatenbank_medien":"","dbu_projektdatenbank_pdfdatei":"A-20127-ki.pdf","dbu_projektdatenbank_bsumme":"11.000,00","dbu_projektdatenbank_firma":"Landesverband Nieders\u00e4chsischerGartenfreunde e. V.Gesch\u00e4ftsstelle","dbu_projektdatenbank_strasse":"Grethe-J\u00fcrgens-Str. 7","dbu_projektdatenbank_plz_str":"30655","dbu_projektdatenbank_ort_str":"Hannover","dbu_projektdatenbank_p_von":"2002-04-26 00:00:00","dbu_projektdatenbank_p_bis":"2003-04-26 00:00:00","dbu_projektdatenbank_laufzeit":"1 Jahr","dbu_projektdatenbank_telefon":"0511\/6968977","dbu_projektdatenbank_inet":"","dbu_projektdatenbank_bundesland":"Niedersachsen","dbu_projektdatenbank_foerderber":"91","dbu_projektdatenbank_ab_bericht":"","dbu_projektdatenbank_ist_nachbewilligung_von":"","dbu_projektdatenbank_hat_nachbewilligung":"","dbu_headerimage_cover":"","dbu_submenu":"","dbu_submenu_position":"","dbu_submenu_entry":[]},"_links":{"self":[{"href":"https:\/\/www.dbu.de\/en\/wp-json\/wp\/v2\/projektdatenbank\/23049","targetHints":{"allow":["GET"]}}],"collection":[{"href":"https:\/\/www.dbu.de\/en\/wp-json\/wp\/v2\/projektdatenbank"}],"about":[{"href":"https:\/\/www.dbu.de\/en\/wp-json\/wp\/v2\/types\/projektdatenbank"}],"author":[{"embeddable":true,"href":"https:\/\/www.dbu.de\/en\/wp-json\/wp\/v2\/users\/1"}],"version-history":[{"count":1,"href":"https:\/\/www.dbu.de\/en\/wp-json\/wp\/v2\/projektdatenbank\/23049\/revisions"}],"predecessor-version":[{"id":36052,"href":"https:\/\/www.dbu.de\/en\/wp-json\/wp\/v2\/projektdatenbank\/23049\/revisions\/36052"}],"wp:attachment":[{"href":"https:\/\/www.dbu.de\/en\/wp-json\/wp\/v2\/media?parent=23049"}],"wp:term":[{"taxonomy":"category","embeddable":true,"href":"https:\/\/www.dbu.de\/en\/wp-json\/wp\/v2\/categories?post=23049"},{"taxonomy":"post_tag","embeddable":true,"href":"https:\/\/www.dbu.de\/en\/wp-json\/wp\/v2\/tags?post=23049"}],"curies":[{"name":"wp","href":"https:\/\/api.w.org\/{rel}","templated":true}]}}