{"id":21690,"date":"2023-07-13T15:20:23","date_gmt":"2023-07-13T13:20:23","guid":{"rendered":"https:\/\/www.dbu.de\/projektdatenbank\/17329-01\/"},"modified":"2023-07-13T15:20:24","modified_gmt":"2023-07-13T13:20:24","slug":"17329-01","status":"publish","type":"projektdatenbank","link":"https:\/\/www.dbu.de\/en\/projektdatenbank\/17329-01\/","title":{"rendered":"Sch\u00f6pfungsgarten &#8211; Umweltbildung im Kloster Windberg"},"content":{"rendered":"<p>Zielsetzung und Anlass des Vorhabens<\/p>\n<p>Die Planung der Woche des Lebens 1999 (Gottes Erde &#8211; Zum Wohnen gemacht \/ Unsere Verantwortung f\u00fcr die Sch\u00f6pfung) in der Di\u00f6zese Regensburg zeigte auf, dass im Bereich der offenen kirchlichen Jugend- und Erwachsenenbildung ein angesichts der Umweltproblematik angemessenes Angebot zu den Themen Natur, Umwelt und Sch\u00f6pfung dringend zeitgem\u00e4\u00df ausgebaut und fest verankert werden musste. Daraufhin beschloss die DiAG, Umweltbildung beispielhaft ganzheitlich und langfristig durch das Projekt Sch\u00f6pfungsgarten zu entwickeln. Der biblische Auftrag vom Bebauen und H\u00fcten des Garten Eden (Genesis) sollte durch die Gestaltung eines naturnahen Gartengel\u00e4ndes der Abtei Windberg durch Seminarteilnehmer eine lebendige und glaubw\u00fcrdige Auslegung erfahren.<\/p>\n<p>Darstellung der Arbeitsschritte und der angewandten MethodenElf Praxisseminare bildeten den Kern des Umweltprojekts. Elementare Naturerfahrung und konkretes g\u00e4rtnerisches Handeln standen jedes Mal in Einheit mit der am Thema orientierten Vermittlung von Fachwissen im Zeichen der Umweltverantwortung. Drei Gartenareale wurden so angelegt, dass sie \u00fcber das Projekt hinaus die Aufgabe erf\u00fcllen k\u00f6nnen, als Plattformen f\u00fcr vielgestaltige Umweltbildung im Sch\u00f6pfungsgarten zu dienen. Die mit Obsthain, Werkbereich und Gr\u00fcnes Klassenzimmer betitelten Areale sind den Bildungsfunktionen Pflege von Naturraum, Arbeit mit Naturmaterialien und Kultur der Begegnung des Menschen in und mit der Natur zugeordnet. Um dem Vorhaben f\u00fcr die Zukunft eine sichere Basis zu geben und Kr\u00e4fte zu b\u00fcndeln (Bsp.: um die Erreichbarkeit von kirchlichen Zielgruppen auf Dauer sicherzustellen; um den Seminarteilnehmern die Infrastruktur eines modernen Bildungshauses anzubieten), wurde der besondere Zusammenschluss der DiAG mit der in der di\u00f6zesanen Bildungsarbeit qualifizierten Abtei\/Jugendbildungsst\u00e4tte Windberg erarbeitet. Als Ergebnis dieser Bem\u00fchungen entstand das elf Praxisseminare umfassende Veranstaltungsprogramm Sch\u00f6pfungsgarten.<\/p>\n<p>Ergebnisse und Diskussion<\/p>\n<p>In der Zeit vom 7. April bis zum 28. Oktober 2000 fanden zehn der elf Praxisseminare auf dem von der Abtei Windberg zur Verf\u00fcgung gestellten Klostergrundst\u00fcck statt. Der Faktor Schlechtwetter machte das Neuansetzen eines Seminars am 26. April 2001 notwendig. In diesem Zeitraum entstanden ein Weidenzaun, eine Trockenmauer, drei Heckenl\u00e4ufe, ein Kr\u00e4utergarten, ein Obsthain, ein gr\u00fcnes Klassenzimmer, ein Weidenpavillon und das Gartenobjekt Holzschiff. Neben diesen baulich bestimmten Seminaren rundeten spielerisch bestimmte Gartenerkundungen (Thema Wiesenwelt) mit Kindern das Programm ab.<br \/>\nJeweils vor den Veranstaltungen wurden in Absprache mit den verantwortlichen Patres Gel\u00e4ndevorbereitungen vorgenommen (Bsp. Gel\u00e4ndeerweiterung durch Versetzen einer Koppel; Erdaushub und Gel\u00e4ndemodellierung mit Maschineneinsatz), so dass die Seminare von zeitraubender, schwerer und einseitiger Handarbeit unbelastet blieben. Ebenfalls im Vorfeld befassten sich die Fachreferenten mit der Grobplanung des Bauvorhabens, leitende Vorgaben waren naturnahe Ausf\u00fchrung und \u00f6kologische Bedeutung. Die Faktoren kl\u00f6sterlich gepr\u00e4gter Raum und p\u00e4dagogischer Nutzen f\u00fcr das Bildungszentrum Windberg wurden eigens ber\u00fccksichtigt.<br \/>\nVon Beginn an ging man mit den Haushaltsmitteln \u00e4u\u00dferst wirtschaftlich und sparsam um. Die Unterst\u00fctzung lokaler Partner, die sich von der Sinnhaftigkeit dieses kirchlichen Projekts, nicht zuletzt im Rahmen der Agenda-21, \u00fcberzeugt zeigten, f\u00fchrte zu einer deutlichen Unterschreitung der Kostenkalkulation. Gartenbaubetriebe und Bauunternehmer beispielsweise steuerten Fahrzeuge, Werkzeuge und Material unentgeltlich bei, die Abtei Windberg selbst gab kostenfreien logistischen R\u00fcckhalt.<br \/>\nDurchschnittlich nahmen an den Veranstaltungen 17 Personen teil. Nach den ersten Seminaren zeigte sich, dass bei dieser Zahl eine Obergrenze gezogen werden sollte. Gerade im Hinblick auf die wichtige Einbindung der Teilnehmer an den praktischen Ausf\u00fchrungen und die pers\u00f6nliche Praxisbegleitung des Referenten griff diese Ma\u00dfnahme. Der Lebendigkeit des Seminarablaufs war die Gruppengr\u00f6\u00dfe insgesamt f\u00f6rderlich, offene, vertiefende Gespr\u00e4che waren gut m\u00f6glich. Die inhaltliche Kombination von Handeln (aktiver Umweltbeitrag) und Wissen (dazu z\u00e4hlte ebenfalls ein sch\u00f6pfungstheologischer, meditativer Einschub) verlieh den Seminaren ihre besondere Note und Glaubw\u00fcrdigkeit. Die von den Teilnehmern vorgebrachten W\u00fcnsche nach einer Fortf\u00fchrung der Seminare und Wiedereinladung sowie ihre Folgebesuche w\u00e4hrend des Jahres in Windberg erlauben eine solche Wertung. Noch w\u00e4hrend des laufenden Projekts wurden Sonderveranstaltungen seitens der Jugendbildungsst\u00e4tte und der DiAG dem Programm Sch\u00f6pfungsgarten thematisch angegliedert (Bsp. Lehrerfortbildung).<\/p>\n<p>\u00d6ffentlichkeitsarbeit und Pr\u00e4sentation<\/p>\n<p>Von herausragender Bedeutung erwies sich zusehends die laufende Berichterstattung zum Sch\u00f6pfungsgarten durch das Straubinger Tagblatt, dem bedeutendsten regionalen Zeitungsmedium. Auf diese Weise gelang es, den Bekanntheitsgrad, die Anliegen des Projekts deutlich zu f\u00f6rdern. Informationen und Berichte wurden im Bistumsblatt, im Internet und im lokalen, regionalen und \u00fcberregionalen Rundfunk eingestellt. Dar\u00fcber hinaus gab es Gelegenheit \u00fcber den Di\u00f6zesanrat, das Referat \u00d6ffentlichkeitsarbeit der Di\u00f6zese, den Infodienst theologische Erwachsenenbildung, die Mitgliederversammlung der DiAG, die Gesch\u00e4ftsf\u00fchrerkonferenzen der Katholischen Bildungswerke des Bistums und die Tr\u00e4gergemeinschaft der Jugendbildungsst\u00e4tte Windberg zu informieren. Agendaausschu\u00df des Landkreises, Kreisjugendring, Jugendpfleger, Fachreferenten katholischer Verb\u00e4nde und Umweltverb\u00e4nde wurden von den Vorhaben unterrichtet.<br \/>\nF\u00fcr die Zeit nach Projektende wurde eine Ausstellung konzipiert, die eine R\u00fcckschau auf die stattgefundenen Seminare mit Visionen einer sch\u00f6pfungsfreundlichen Zukunft verband. Im Fr\u00fchjahr 2001 wurde sie im Kloster Windberg pr\u00e4sentiert. Zusammen mit dem neuen Programm 2001 der Bildungsst\u00e4tte Windberg und weiterer Anschlussarbeit der DiAG (Seminar Teichbau) ist damit f\u00fcr die Fortf\u00fchrung der Idee vom Sch\u00f6pfungsgarten gesorgt. Besonders wichtig: Den G\u00e4sten des Klosters (Seminarteilnehmer f\u00fcr 2000: 10000 Personen) steht das Gartenareal f\u00fcr Kurse und w\u00e4hrend der Freizeit zur Verf\u00fcgung.<\/p>\n<p>Fazit<\/p>\n<p>In besonderem Ma\u00dfe f\u00fcr die Neugewichtung des regionalen kirchlichen Umweltengagements war das Projekt ein wichtiger Anschub, der deutlich wahrgenommen wurde. Die Chancen, Sch\u00f6pfungsbildung am Zentrum Windberg nachhaltig zu f\u00f6rdern, sollten bei gleichzeitig st\u00e4rkerer Vernetzung relevanter kirchlicher Stellen (Bsp.: Umweltbeauftragte(r) der Di\u00f6zese und Pfarrgemeinder\u00e4te) wahrgenommen werden.<\/p>\n","protected":false},"excerpt":{"rendered":"<p>Zielsetzung und Anlass des Vorhabens Die Planung der Woche des Lebens 1999 (Gottes Erde &#8211; Zum Wohnen gemacht \/ Unsere Verantwortung f\u00fcr die Sch\u00f6pfung) in der Di\u00f6zese Regensburg zeigte auf, dass im Bereich der offenen kirchlichen Jugend- und Erwachsenenbildung ein angesichts der Umweltproblematik angemessenes Angebot zu den Themen Natur, Umwelt und Sch\u00f6pfung dringend zeitgem\u00e4\u00df ausgebaut [&hellip;]<\/p>\n","protected":false},"author":1,"featured_media":0,"template":"","meta":{"footnotes":""},"categories":[],"tags":[57,50,2423],"class_list":["post-21690","projektdatenbank","type-projektdatenbank","status-publish","hentry","tag-bayern","tag-naturschutz","tag-umweltkommunikation"],"meta_box":{"dbu_projektdatenbank_az_ges":"17329\/01","dbu_projektdatenbank_medien":"","dbu_projektdatenbank_pdfdatei":"A-17329.pdf","dbu_projektdatenbank_bsumme":"21.067,78","dbu_projektdatenbank_firma":"Di\u00f6zesanarbeitsgemeinschaft f\u00fcrKatholische Erwachsenenbildung in derDi\u00f6zese Regensburg e. V.","dbu_projektdatenbank_strasse":"Oberm\u00fcnsterplatz 7","dbu_projektdatenbank_plz_str":"93047","dbu_projektdatenbank_ort_str":"Regensburg","dbu_projektdatenbank_p_von":"2000-03-23 00:00:00","dbu_projektdatenbank_p_bis":"2001-12-03 00:00:00","dbu_projektdatenbank_laufzeit":"1 Jahr und 8 Monate","dbu_projektdatenbank_telefon":"0941\/5681233","dbu_projektdatenbank_inet":"","dbu_projektdatenbank_bundesland":"Bayern","dbu_projektdatenbank_foerderber":"56","dbu_projektdatenbank_ab_bericht":"","dbu_projektdatenbank_ist_nachbewilligung_von":"","dbu_projektdatenbank_hat_nachbewilligung":"","dbu_headerimage_cover":"","dbu_submenu":"","dbu_submenu_position":"","dbu_submenu_entry":[]},"_links":{"self":[{"href":"https:\/\/www.dbu.de\/en\/wp-json\/wp\/v2\/projektdatenbank\/21690","targetHints":{"allow":["GET"]}}],"collection":[{"href":"https:\/\/www.dbu.de\/en\/wp-json\/wp\/v2\/projektdatenbank"}],"about":[{"href":"https:\/\/www.dbu.de\/en\/wp-json\/wp\/v2\/types\/projektdatenbank"}],"author":[{"embeddable":true,"href":"https:\/\/www.dbu.de\/en\/wp-json\/wp\/v2\/users\/1"}],"version-history":[{"count":1,"href":"https:\/\/www.dbu.de\/en\/wp-json\/wp\/v2\/projektdatenbank\/21690\/revisions"}],"predecessor-version":[{"id":34693,"href":"https:\/\/www.dbu.de\/en\/wp-json\/wp\/v2\/projektdatenbank\/21690\/revisions\/34693"}],"wp:attachment":[{"href":"https:\/\/www.dbu.de\/en\/wp-json\/wp\/v2\/media?parent=21690"}],"wp:term":[{"taxonomy":"category","embeddable":true,"href":"https:\/\/www.dbu.de\/en\/wp-json\/wp\/v2\/categories?post=21690"},{"taxonomy":"post_tag","embeddable":true,"href":"https:\/\/www.dbu.de\/en\/wp-json\/wp\/v2\/tags?post=21690"}],"curies":[{"name":"wp","href":"https:\/\/api.w.org\/{rel}","templated":true}]}}