{"id":5803,"date":"2023-03-09T16:36:29","date_gmt":"2023-03-09T15:36:29","guid":{"rendered":"https:\/\/www.dbu.de\/naturerbeflaechen\/hameln-holtensen\/"},"modified":"2024-03-07T22:56:32","modified_gmt":"2024-03-07T21:56:32","slug":"hameln-holtensen","status":"publish","type":"naturerbeflaechen","link":"https:\/\/www.dbu.de\/en\/naturerbeflaechen\/hameln-holtensen\/","title":{"rendered":"Hameln-Holtensen"},"content":{"rendered":"<header id='dbu_header_mb-block-770e5f4a-55d3-4222-b4a2-9e727010f1bf'><div class='dbu-header dbu-header_fixedheight  '><div class='swiper-wrapper'><div id='dbu_header_mb-block-770e5f4a-55d3-4222-b4a2-9e727010f1bf' class='dbu-header dbu-header_fixedheight  swiper-slide' style='background-image: url(https:\/\/www.dbu.de\/app\/uploads\/phpThumb_generated_thumbnail-95.jpg)'><div class='dbu-header__content'><h1 class='dbu-header__content-headline'>DBU-Naturerbefl\u00e4che Hameln-Holtensen<\/h1><\/div><\/div><\/div><\/div><\/header>\n\n\n<div class=\"wp-block-wordpress-dbu-dbu-container\">\n<p>Der ehemalige Standort\u00fcbungsplatz liegt im Norden der nieders\u00e4chsischen Stadt Hameln am Osthang des Wesertals im Landschaftsschutzgebiet \u201cHamelner-Fischbecker W\u00e4lder und Randbereiche\u201c. Das DBU Naturerbe hat am 1. Oktober 2018 die Verantwortung f\u00fcr die Fl\u00e4che des Nationalen Naturerbes \u00fcbernommen.<a href=\"https:\/\/namis-dbu.de\/WebOffice\/synserver?project=naturerbe&amp;user=User&amp;password=Internet&amp;query=KreiseGem&amp;keyname=LSNAME&amp;keyvalue=Holtenser%20Berg\"><\/a><\/p>\n<\/div>\n\n\n\n<div class=\"wp-block-wordpress-dbu-dbu-container\">\n<h3 class=\"wp-block-heading\">Gebietsbeschreibung und Entwicklungsziele<\/h3>\n\n\n\n<p>Hameln-Holtensen ist vorwiegend durch naturnahe Laubw\u00e4lder gepr\u00e4gt. Auf der Fl\u00e4che dominieren mit rund 94 Prozent alte Buchenw\u00e4lder, die sich ohne menschliche Eingriffe weiter entwickeln d\u00fcrfen. Dies gilt insbesondere f\u00fcr die \u00fcber 100-j\u00e4hrigen Buchenw\u00e4lder, die bereits mit Laubholz verj\u00fcngt sind. Ein besonders sch\u00f6ner alter Laubmischwald befindet sich im Tal der Subeke. Nach S\u00fcden schlie\u00dfen sich gro\u00dfe Streuobstbest\u00e4nde im ehemaligen \u201eRavelin-Camp\u201c an, die mit Rindern beweidet werden. Zwei weitere artenreiche Wiesen befinden sich im Norden und S\u00fcden der Fl\u00e4che. Sie werden durch Mahd erhalten.<\/p>\n\n\n\n<h3 class=\"wp-block-heading\">Historisches<\/h3>\n\n\n\n<p>Die Geschichte der Stadt Hameln wurde seit dem 17. Jahrhundert mehrfach durch die Stationierung von Milit\u00e4reinheiten gepr\u00e4gt, zuletzt durch britische Garnisonen, die hier bis zu ihrem Abzug 2014 \u00dcbungen absolvierten.<\/p>\n\n\n\n<figure class=\"wp-block-gallery has-nested-images columns-default is-cropped wp-block-gallery-1 is-layout-flex wp-block-gallery-is-layout-flex\">\n<figure class=\"wp-block-image size-large\"><img loading=\"lazy\" decoding=\"async\" width=\"1200\" height=\"592\" data-id=\"6230\" src=\"https:\/\/www.dbu.de\/app\/uploads\/phpThumb_generated_thumbnail-95.jpg\" alt=\"\" class=\"wp-image-6230\" srcset=\"https:\/\/www.dbu.de\/app\/uploads\/phpThumb_generated_thumbnail-95.jpg 1200w, https:\/\/www.dbu.de\/app\/uploads\/phpThumb_generated_thumbnail-95-800x395.jpg 800w, https:\/\/www.dbu.de\/app\/uploads\/phpThumb_generated_thumbnail-95-400x197.jpg 400w\" sizes=\"auto, (max-width: 1200px) 100vw, 1200px\" \/><figcaption class=\"wp-element-caption\">Strukturreiche Streuobstwiesen finden sich im S\u00fcden der DBU-Naturerbefl\u00e4che Hameln-Holtensen. \u00a9 Sabrina Jerrentrup\/DBU Naturerbe GmbH<\/figcaption><\/figure>\n<\/figure>\n<\/div>\n","protected":false},"excerpt":{"rendered":"","protected":false},"author":1,"featured_media":6230,"parent":0,"template":"","meta":{"footnotes":""},"categories":[],"tags":[64],"class_list":["post-5803","naturerbeflaechen","type-naturerbeflaechen","status-publish","has-post-thumbnail","hentry","tag-niedersachsen"],"meta_box":{"dbu_naturerbeflaechen_ansprechpartner":"Dirk Drewes","dbu_naturerbeflaechen_ansprechpartner_email":"BF-nds@bundesimmobilien.de","dbu_naturerbeflaechen_leitbild":[{"sizes":{"full":{"file":"110520103214_420528-pdf.jpg","width":1058,"height":1497,"mime-type":"image\/jpeg","filesize":214169},"medium":{"file":"110520103214_420528-pdf-565x800.jpg","width":565,"height":800,"mime-type":"image\/jpeg","filesize":82770},"thumbnail":{"file":"110520103214_420528-pdf-283x400.jpg","width":283,"height":400,"mime-type":"image\/jpeg","filesize":27211}},"filesize":16894,"ID":"6228","name":"110520103214_420528.pdf","path":"\/var\/www\/vhosts\/dbu.de\/httpdocs\/web\/app\/uploads\/110520103214_420528.pdf","url":"https:\/\/www.dbu.de\/app\/uploads\/110520103214_420528.pdf","title":"110520103214 420528"}],"dbu_naturerbeflaechen_steckbrief":[],"karte_im_gis":"https:\/\/portal.namis-dbu.de\/arcgis\/apps\/experiencebuilder\/experience\/?id=a5158a464cbd485fabfd3006b982d839&find=Hameln-Holtensen","dbu_naturerbeflaechen_groesse":"130"},"_links":{"self":[{"href":"https:\/\/www.dbu.de\/en\/wp-json\/wp\/v2\/naturerbeflaechen\/5803","targetHints":{"allow":["GET"]}}],"collection":[{"href":"https:\/\/www.dbu.de\/en\/wp-json\/wp\/v2\/naturerbeflaechen"}],"about":[{"href":"https:\/\/www.dbu.de\/en\/wp-json\/wp\/v2\/types\/naturerbeflaechen"}],"author":[{"embeddable":true,"href":"https:\/\/www.dbu.de\/en\/wp-json\/wp\/v2\/users\/1"}],"version-history":[{"count":4,"href":"https:\/\/www.dbu.de\/en\/wp-json\/wp\/v2\/naturerbeflaechen\/5803\/revisions"}],"predecessor-version":[{"id":69940,"href":"https:\/\/www.dbu.de\/en\/wp-json\/wp\/v2\/naturerbeflaechen\/5803\/revisions\/69940"}],"wp:featuredmedia":[{"embeddable":true,"href":"https:\/\/www.dbu.de\/en\/wp-json\/wp\/v2\/media\/6230"}],"wp:attachment":[{"href":"https:\/\/www.dbu.de\/en\/wp-json\/wp\/v2\/media?parent=5803"}],"wp:term":[{"taxonomy":"category","embeddable":true,"href":"https:\/\/www.dbu.de\/en\/wp-json\/wp\/v2\/categories?post=5803"},{"taxonomy":"post_tag","embeddable":true,"href":"https:\/\/www.dbu.de\/en\/wp-json\/wp\/v2\/tags?post=5803"}],"curies":[{"name":"wp","href":"https:\/\/api.w.org\/{rel}","templated":true}]}}