{"id":70413,"date":"2024-03-20T16:15:00","date_gmt":"2024-03-20T15:15:00","guid":{"rendered":"https:\/\/www.dbu.de\/app\/uploads\/dbu_media-Woche-der-Umwelt-2024_\u00a9DBU-1.jpg"},"modified":"2024-03-20T16:15:00","modified_gmt":"2024-03-20T15:15:00","slug":"media-media-woche-der-umwelt-2024-berlin","status":"inherit","type":"attachment","link":"https:\/\/www.dbu.de\/en\/media-media-woche-der-umwelt-2024-berlin\/","title":{"rendered":"Woche der Umwelt 2024, Berlin"},"author":9,"featured_media":0,"comment_status":"closed","ping_status":"closed","template":"","meta":[],"class_list":["post-70413","attachment","type-attachment","status-inherit","hentry"],"meta_box":{"dbu_image_usage":"","dbu_image_download":"","dbu_image_copyright":""},"description":{"rendered":"<p class=\"attachment\"><a href='https:\/\/www.dbu.de\/app\/uploads\/dbu_media-Woche-der-Umwelt-2024_\u00a9DBU-1-scaled.jpg'><img loading=\"lazy\" decoding=\"async\" width=\"800\" height=\"533\" src=\"https:\/\/www.dbu.de\/app\/uploads\/dbu_media-Woche-der-Umwelt-2024_\u00a9DBU-1-800x533.jpg\" class=\"attachment-medium size-medium\" alt=\"\" srcset=\"https:\/\/www.dbu.de\/app\/uploads\/dbu_media-Woche-der-Umwelt-2024_\u00a9DBU-1-800x533.jpg 800w, https:\/\/www.dbu.de\/app\/uploads\/dbu_media-Woche-der-Umwelt-2024_\u00a9DBU-1-1920x1280.jpg 1920w, https:\/\/www.dbu.de\/app\/uploads\/dbu_media-Woche-der-Umwelt-2024_\u00a9DBU-1-400x267.jpg 400w\" sizes=\"auto, (max-width: 800px) 100vw, 800px\" \/><\/a><\/p>\n"},"caption":{"rendered":"<p>Innovationsschau f\u00fcr mehr Umweltschutz: Das Bundespr\u00e4sidialamt und die Deutsche Bundesstiftung Umwelt (DBU) laden die B\u00fcrgerinnen und B\u00fcrger zur Woche der Umwelt am 4. und 5. Juni in den Park von Schloss Bellevue ein. Anmeldungen sind ab sofort m\u00f6glich.<\/p>\n"},"alt_text":"","media_type":"image","mime_type":"image\/jpeg","media_details":{"width":2560,"height":1707,"file":"dbu_media-Woche-der-Umwelt-2024_\u00a9DBU-1-scaled.jpg","filesize":1008710,"sizes":{"medium":{"file":"dbu_media-Woche-der-Umwelt-2024_\u00a9DBU-1-800x533.jpg","width":800,"height":533,"filesize":164601,"mime_type":"image\/jpeg","source_url":"https:\/\/www.dbu.de\/app\/uploads\/dbu_media-Woche-der-Umwelt-2024_\u00a9DBU-1-800x533.jpg"},"large":{"file":"dbu_media-Woche-der-Umwelt-2024_\u00a9DBU-1-1920x1280.jpg","width":1920,"height":1280,"filesize":648438,"mime_type":"image\/jpeg","source_url":"https:\/\/www.dbu.de\/app\/uploads\/dbu_media-Woche-der-Umwelt-2024_\u00a9DBU-1-1920x1280.jpg"},"thumbnail":{"file":"dbu_media-Woche-der-Umwelt-2024_\u00a9DBU-1-400x267.jpg","width":400,"height":267,"filesize":61549,"mime_type":"image\/jpeg","source_url":"https:\/\/www.dbu.de\/app\/uploads\/dbu_media-Woche-der-Umwelt-2024_\u00a9DBU-1-400x267.jpg"},"full":{"file":"dbu_media-Woche-der-Umwelt-2024_\u00a9DBU-1-scaled.jpg","width":2560,"height":1707,"mime_type":"image\/jpeg","source_url":"https:\/\/www.dbu.de\/app\/uploads\/dbu_media-Woche-der-Umwelt-2024_\u00a9DBU-1-scaled.jpg"}},"image_meta":{"aperture":"0","credit":"","camera":"","caption":"Innovationsschau f\u00fcr mehr Umweltschutz: Das Bundespr\u00e4sidialamt und die Deutsche Bundesstiftung Umwelt (DBU) laden die B\u00fcrgerinnen und B\u00fcrger zur Woche der Umwelt am 4. und 5. Juni in den Park von Schloss Bellevue ein. Anmeldungen sind ab sofort m\u00f6glich.","created_timestamp":"0","copyright":"Deutsche Bundesstiftung Umwelt (DBU)\r\rRechtliches:\rDie Verwendung dieses Bildes ist ausschlie\u00dflich im Rahmen redaktioneller Ber","focal_length":"0","iso":"0","shutter_speed":"0","title":"Woche der Umwelt 2024, Berlin","orientation":"1","keywords":["DBU","Deutsche Bundesstiftung Umwelt","Woche der Umwelt","Berlin","Naturschutz","Klimaschutz","Veranstaltung","Schloss Bellevue","Bundespr\u00e4sidialamt","Bundespr\u00e4sident","Ausstellungen","Fachforen","Innovationen"]},"original_image":"dbu_media-Woche-der-Umwelt-2024_\u00a9DBU-1.jpg"},"post":null,"source_url":"https:\/\/www.dbu.de\/app\/uploads\/dbu_media-Woche-der-Umwelt-2024_\u00a9DBU-1-scaled.jpg","_links":{"self":[{"href":"https:\/\/www.dbu.de\/en\/wp-json\/wp\/v2\/media\/70413","targetHints":{"allow":["GET","POST","PUT","PATCH","DELETE"]}}],"collection":[{"href":"https:\/\/www.dbu.de\/en\/wp-json\/wp\/v2\/media"}],"about":[{"href":"https:\/\/www.dbu.de\/en\/wp-json\/wp\/v2\/types\/attachment"}],"author":[{"embeddable":true,"href":"https:\/\/www.dbu.de\/en\/wp-json\/wp\/v2\/users\/9"}],"replies":[{"embeddable":true,"href":"https:\/\/www.dbu.de\/en\/wp-json\/wp\/v2\/comments?post=70413"}]}}